{"id":92,"date":"2021-06-10T16:28:21","date_gmt":"2021-06-10T14:28:21","guid":{"rendered":"https:\/\/www.porteoceane-dulimousin.fr\/cri\/?page_id=92"},"modified":"2023-03-21T11:11:40","modified_gmt":"2023-03-21T10:11:40","slug":"les-parcours-libres","status":"publish","type":"page","link":"https:\/\/www.porteoceane-dulimousin.fr\/cri\/parcours-pedagogiques\/les-parcours-libres\/","title":{"rendered":"Les parcours libres"},"content":{"rendered":"\t\t<div data-elementor-type=\"wp-page\" data-elementor-id=\"92\" class=\"elementor elementor-92\">\n\t\t\t\t\t\t<section class=\"elementor-section elementor-top-section elementor-element elementor-element-59715df elementor-section-boxed elementor-section-height-default elementor-section-height-default\" data-id=\"59715df\" data-element_type=\"section\" data-e-type=\"section\">\n\t\t\t\t\t\t<div class=\"elementor-container elementor-column-gap-default\">\n\t\t\t\t\t<div class=\"elementor-column elementor-col-100 elementor-top-column elementor-element elementor-element-0a533c9\" data-id=\"0a533c9\" data-element_type=\"column\" data-e-type=\"column\">\n\t\t\t<div class=\"elementor-widget-wrap elementor-element-populated\">\n\t\t\t\t\t\t<div class=\"elementor-element elementor-element-209fb65 elementor-widget elementor-widget-spacer\" data-id=\"209fb65\" data-element_type=\"widget\" data-e-type=\"widget\" data-widget_type=\"spacer.default\">\n\t\t\t\t<div class=\"elementor-widget-container\">\n\t\t\t\t\t\t\t<div class=\"elementor-spacer\">\n\t\t\t<div class=\"elementor-spacer-inner\"><\/div>\n\t\t<\/div>\n\t\t\t\t\t\t<\/div>\n\t\t\t\t<\/div>\n\t\t\t\t\t<\/div>\n\t\t<\/div>\n\t\t\t\t\t<\/div>\n\t\t<\/section>\n\t\t\t\t<section class=\"elementor-section elementor-top-section elementor-element elementor-element-1d253c3c elementor-section-boxed elementor-section-height-default elementor-section-height-default\" data-id=\"1d253c3c\" data-element_type=\"section\" data-e-type=\"section\">\n\t\t\t\t\t\t<div class=\"elementor-container elementor-column-gap-default\">\n\t\t\t\t\t<div class=\"elementor-column elementor-col-100 elementor-top-column elementor-element elementor-element-6a381737\" data-id=\"6a381737\" data-element_type=\"column\" data-e-type=\"column\">\n\t\t\t<div class=\"elementor-widget-wrap elementor-element-populated\">\n\t\t\t\t\t\t<div class=\"elementor-element elementor-element-2405cba6 elementor-widget elementor-widget-text-editor\" data-id=\"2405cba6\" data-element_type=\"widget\" data-e-type=\"widget\" data-widget_type=\"text-editor.default\">\n\t\t\t\t<div class=\"elementor-widget-container\">\n\t\t\t\t\t\t\t\t\t<strong>Les enseignements en dehors des cursus<\/strong>\r\n\r\nLe conservatoire propose des activit\u00e9s ne n\u00e9cessitant pas l\u2019inscription dans un cursus complet.\r\n\r\nIl s\u2019agit notamment\u00a0:\r\n<ul>\r\n \t<li>des pratiques autour de la voix\u00a0: atelier de technique vocale, ensemble vocal\u00a0;<\/li>\r\n \t<li>des pratiques instrumentales collectives, qui acceptent volontiers le concours de musiciens du niveau requis qui souhaiteraient s\u2019int\u00e9grer aux ensembles constitu\u00e9s.<\/li>\r\n<\/ul>\r\n<strong>\u00a0<\/strong>\r\n\r\n<strong>Les contrats d\u2019objectif<\/strong>\r\n\r\nEn tant que centre de ressource p\u00e9dagogique, l\u2019\u00e9tablissement peut accueillir le projet personnel de musiciens d\u00e9sireux de se perfectionner dans un domaine particulier (technique instrumentale, comp\u00e9tences th\u00e9oriques, culture). Cet accueil se fait sous la forme de contrats d\u2019objectifs d\u2019une dur\u00e9e d\u2019un an, renouvelable.\r\n\r\nL\u2019acceptation du projet personnel d\u2019un musicien n\u00e9cessite une \u00e9valuation pr\u00e9alable de son niveau dans l\u2019activit\u00e9 envisag\u00e9e, de mani\u00e8re \u00e0 lui proposer l\u2019enseignement le plus adapt\u00e9 \u00e0 sa demande.\r\n\r\nL\u2019inscription des \u00e9l\u00e8ves hors cursus se fait dans la mesure des places disponibles, le conservatoire privil\u00e9giant l\u2019enseignement de parcours complets.\t\t\t\t\t\t\t\t<\/div>\n\t\t\t\t<\/div>\n\t\t\t\t\t<\/div>\n\t\t<\/div>\n\t\t\t\t\t<\/div>\n\t\t<\/section>\n\t\t\t\t<section class=\"elementor-section elementor-top-section elementor-element elementor-element-76acdd4 elementor-section-boxed elementor-section-height-default elementor-section-height-default\" data-id=\"76acdd4\" data-element_type=\"section\" data-e-type=\"section\">\n\t\t\t\t\t\t<div class=\"elementor-container elementor-column-gap-default\">\n\t\t\t\t\t<div class=\"elementor-column elementor-col-100 elementor-top-column elementor-element elementor-element-b8252bf\" data-id=\"b8252bf\" data-element_type=\"column\" data-e-type=\"column\">\n\t\t\t<div class=\"elementor-widget-wrap elementor-element-populated\">\n\t\t\t\t\t\t<div class=\"elementor-element elementor-element-59e6490 elementor-widget elementor-widget-spacer\" data-id=\"59e6490\" data-element_type=\"widget\" data-e-type=\"widget\" data-widget_type=\"spacer.default\">\n\t\t\t\t<div class=\"elementor-widget-container\">\n\t\t\t\t\t\t\t<div class=\"elementor-spacer\">\n\t\t\t<div class=\"elementor-spacer-inner\"><\/div>\n\t\t<\/div>\n\t\t\t\t\t\t<\/div>\n\t\t\t\t<\/div>\n\t\t\t\t\t<\/div>\n\t\t<\/div>\n\t\t\t\t\t<\/div>\n\t\t<\/section>\n\t\t\t\t<\/div>\n\t\t","protected":false},"excerpt":{"rendered":"<p>Les enseignements en dehors des cursus Le conservatoire propose des activit\u00e9s ne n\u00e9cessitant pas l\u2019inscription dans un cursus complet. Il s\u2019agit notamment\u00a0: des pratiques autour de la voix\u00a0: atelier de [&hellip;]<\/p>\n","protected":false},"author":1,"featured_media":0,"parent":501,"menu_order":0,"comment_status":"closed","ping_status":"closed","template":"elementor_header_footer","meta":{"ocean_post_layout":"","ocean_both_sidebars_style":"","ocean_both_sidebars_content_width":0,"ocean_both_sidebars_sidebars_width":0,"ocean_sidebar":"0","ocean_second_sidebar":"0","ocean_disable_margins":"enable","ocean_add_body_class":"","ocean_shortcode_before_top_bar":"","ocean_shortcode_after_top_bar":"","ocean_shortcode_before_header":"","ocean_shortcode_after_header":"","ocean_has_shortcode":"","ocean_shortcode_after_title":"","ocean_shortcode_before_footer_widgets":"","ocean_shortcode_after_footer_widgets":"","ocean_shortcode_before_footer_bottom":"","ocean_shortcode_after_footer_bottom":"","ocean_display_top_bar":"default","ocean_display_header":"default","ocean_header_style":"","ocean_center_header_left_menu":"0","ocean_custom_header_template":"0","ocean_custom_logo":0,"ocean_custom_retina_logo":0,"ocean_custom_logo_max_width":0,"ocean_custom_logo_tablet_max_width":0,"ocean_custom_logo_mobile_max_width":0,"ocean_custom_logo_max_height":0,"ocean_custom_logo_tablet_max_height":0,"ocean_custom_logo_mobile_max_height":0,"ocean_header_custom_menu":"0","ocean_menu_typo_font_family":"0","ocean_menu_typo_font_subset":"","ocean_menu_typo_font_size":0,"ocean_menu_typo_font_size_tablet":0,"ocean_menu_typo_font_size_mobile":0,"ocean_menu_typo_font_size_unit":"px","ocean_menu_typo_font_weight":"","ocean_menu_typo_font_weight_tablet":"","ocean_menu_typo_font_weight_mobile":"","ocean_menu_typo_transform":"","ocean_menu_typo_transform_tablet":"","ocean_menu_typo_transform_mobile":"","ocean_menu_typo_line_height":0,"ocean_menu_typo_line_height_tablet":0,"ocean_menu_typo_line_height_mobile":0,"ocean_menu_typo_line_height_unit":"","ocean_menu_typo_spacing":0,"ocean_menu_typo_spacing_tablet":0,"ocean_menu_typo_spacing_mobile":0,"ocean_menu_typo_spacing_unit":"","ocean_menu_link_color":"","ocean_menu_link_color_hover":"","ocean_menu_link_color_active":"","ocean_menu_link_background":"","ocean_menu_link_hover_background":"","ocean_menu_link_active_background":"","ocean_menu_social_links_bg":"","ocean_menu_social_hover_links_bg":"","ocean_menu_social_links_color":"","ocean_menu_social_hover_links_color":"","ocean_disable_title":"default","ocean_disable_heading":"default","ocean_post_title":"","ocean_post_subheading":"","ocean_post_title_style":"","ocean_post_title_background_color":"","ocean_post_title_background":0,"ocean_post_title_bg_image_position":"","ocean_post_title_bg_image_attachment":"","ocean_post_title_bg_image_repeat":"","ocean_post_title_bg_image_size":"","ocean_post_title_height":0,"ocean_post_title_bg_overlay":0.5,"ocean_post_title_bg_overlay_color":"","ocean_disable_breadcrumbs":"default","ocean_breadcrumbs_color":"","ocean_breadcrumbs_separator_color":"","ocean_breadcrumbs_links_color":"","ocean_breadcrumbs_links_hover_color":"","ocean_display_footer_widgets":"default","ocean_display_footer_bottom":"default","ocean_custom_footer_template":"0","footnotes":""},"class_list":["post-92","page","type-page","status-publish","hentry","entry"],"yoast_head":"<!-- This site is optimized with the Yoast SEO plugin v27.5 - https:\/\/yoast.com\/product\/yoast-seo-wordpress\/ -->\n<title>Les parcours libres - Conservatoire \u00e0 Rayonnement Intercommunal<\/title>\n<meta name=\"robots\" content=\"index, follow, max-snippet:-1, max-image-preview:large, max-video-preview:-1\" \/>\n<link rel=\"canonical\" href=\"https:\/\/www.porteoceane-dulimousin.fr\/cri\/parcours-pedagogiques\/les-parcours-libres\/\" \/>\n<meta property=\"og:locale\" content=\"fr_FR\" \/>\n<meta property=\"og:type\" content=\"article\" \/>\n<meta property=\"og:title\" content=\"Les parcours libres - Conservatoire \u00e0 Rayonnement Intercommunal\" \/>\n<meta property=\"og:description\" content=\"Les enseignements en dehors des cursus Le conservatoire propose des activit\u00e9s ne n\u00e9cessitant pas l\u2019inscription dans un cursus complet. Il s\u2019agit notamment\u00a0: des pratiques autour de la voix\u00a0: atelier de [&hellip;]\" \/>\n<meta property=\"og:url\" content=\"https:\/\/www.porteoceane-dulimousin.fr\/cri\/parcours-pedagogiques\/les-parcours-libres\/\" \/>\n<meta property=\"og:site_name\" content=\"Conservatoire \u00e0 Rayonnement Intercommunal\" \/>\n<meta property=\"article:publisher\" content=\"https:\/\/www.facebook.com\/CRIjeanferrat\" \/>\n<meta property=\"article:modified_time\" content=\"2023-03-21T10:11:40+00:00\" \/>\n<meta name=\"twitter:card\" content=\"summary_large_image\" \/>\n<meta name=\"twitter:label1\" content=\"Dur\u00e9e de lecture estim\u00e9e\" \/>\n\t<meta name=\"twitter:data1\" content=\"1 minute\" \/>\n<script type=\"application\/ld+json\" class=\"yoast-schema-graph\">{\"@context\":\"https:\\\/\\\/schema.org\",\"@graph\":[{\"@type\":\"WebPage\",\"@id\":\"https:\\\/\\\/www.porteoceane-dulimousin.fr\\\/cri\\\/parcours-pedagogiques\\\/les-parcours-libres\\\/\",\"url\":\"https:\\\/\\\/www.porteoceane-dulimousin.fr\\\/cri\\\/parcours-pedagogiques\\\/les-parcours-libres\\\/\",\"name\":\"Les parcours libres - Conservatoire \u00e0 Rayonnement Intercommunal\",\"isPartOf\":{\"@id\":\"https:\\\/\\\/www.porteoceane-dulimousin.fr\\\/cri\\\/#website\"},\"datePublished\":\"2021-06-10T14:28:21+00:00\",\"dateModified\":\"2023-03-21T10:11:40+00:00\",\"breadcrumb\":{\"@id\":\"https:\\\/\\\/www.porteoceane-dulimousin.fr\\\/cri\\\/parcours-pedagogiques\\\/les-parcours-libres\\\/#breadcrumb\"},\"inLanguage\":\"fr-FR\",\"potentialAction\":[{\"@type\":\"ReadAction\",\"target\":[\"https:\\\/\\\/www.porteoceane-dulimousin.fr\\\/cri\\\/parcours-pedagogiques\\\/les-parcours-libres\\\/\"]}]},{\"@type\":\"BreadcrumbList\",\"@id\":\"https:\\\/\\\/www.porteoceane-dulimousin.fr\\\/cri\\\/parcours-pedagogiques\\\/les-parcours-libres\\\/#breadcrumb\",\"itemListElement\":[{\"@type\":\"ListItem\",\"position\":1,\"name\":\"Accueil\",\"item\":\"https:\\\/\\\/www.porteoceane-dulimousin.fr\\\/cri\\\/\"},{\"@type\":\"ListItem\",\"position\":2,\"name\":\"Les parcours p\u00e9dagogiques\",\"item\":\"https:\\\/\\\/www.porteoceane-dulimousin.fr\\\/cri\\\/parcours-pedagogiques\\\/\"},{\"@type\":\"ListItem\",\"position\":3,\"name\":\"Les parcours libres\"}]},{\"@type\":\"WebSite\",\"@id\":\"https:\\\/\\\/www.porteoceane-dulimousin.fr\\\/cri\\\/#website\",\"url\":\"https:\\\/\\\/www.porteoceane-dulimousin.fr\\\/cri\\\/\",\"name\":\"Conservatoire \u00e0 Rayonnement Intercommunal\",\"description\":\"\",\"publisher\":{\"@id\":\"https:\\\/\\\/www.porteoceane-dulimousin.fr\\\/cri\\\/#organization\"},\"potentialAction\":[{\"@type\":\"SearchAction\",\"target\":{\"@type\":\"EntryPoint\",\"urlTemplate\":\"https:\\\/\\\/www.porteoceane-dulimousin.fr\\\/cri\\\/?s={search_term_string}\"},\"query-input\":{\"@type\":\"PropertyValueSpecification\",\"valueRequired\":true,\"valueName\":\"search_term_string\"}}],\"inLanguage\":\"fr-FR\"},{\"@type\":\"Organization\",\"@id\":\"https:\\\/\\\/www.porteoceane-dulimousin.fr\\\/cri\\\/#organization\",\"name\":\"Conservatoire \u00e0 Rayonnement Intercommunal Jean Ferrat\",\"url\":\"https:\\\/\\\/www.porteoceane-dulimousin.fr\\\/cri\\\/\",\"logo\":{\"@type\":\"ImageObject\",\"inLanguage\":\"fr-FR\",\"@id\":\"https:\\\/\\\/www.porteoceane-dulimousin.fr\\\/cri\\\/#\\\/schema\\\/logo\\\/image\\\/\",\"url\":\"https:\\\/\\\/www.porteoceane-dulimousin.fr\\\/cri\\\/wp-content\\\/uploads\\\/2022\\\/11\\\/cropped-Logo-CRI-big-51.png\",\"contentUrl\":\"https:\\\/\\\/www.porteoceane-dulimousin.fr\\\/cri\\\/wp-content\\\/uploads\\\/2022\\\/11\\\/cropped-Logo-CRI-big-51.png\",\"width\":1984,\"height\":748,\"caption\":\"Conservatoire \u00e0 Rayonnement Intercommunal Jean Ferrat\"},\"image\":{\"@id\":\"https:\\\/\\\/www.porteoceane-dulimousin.fr\\\/cri\\\/#\\\/schema\\\/logo\\\/image\\\/\"},\"sameAs\":[\"https:\\\/\\\/www.facebook.com\\\/CRIjeanferrat\"]}]}<\/script>\n<!-- \/ Yoast SEO plugin. -->","yoast_head_json":{"title":"Les parcours libres - Conservatoire \u00e0 Rayonnement Intercommunal","robots":{"index":"index","follow":"follow","max-snippet":"max-snippet:-1","max-image-preview":"max-image-preview:large","max-video-preview":"max-video-preview:-1"},"canonical":"https:\/\/www.porteoceane-dulimousin.fr\/cri\/parcours-pedagogiques\/les-parcours-libres\/","og_locale":"fr_FR","og_type":"article","og_title":"Les parcours libres - Conservatoire \u00e0 Rayonnement Intercommunal","og_description":"Les enseignements en dehors des cursus Le conservatoire propose des activit\u00e9s ne n\u00e9cessitant pas l\u2019inscription dans un cursus complet. Il s\u2019agit notamment\u00a0: des pratiques autour de la voix\u00a0: atelier de [&hellip;]","og_url":"https:\/\/www.porteoceane-dulimousin.fr\/cri\/parcours-pedagogiques\/les-parcours-libres\/","og_site_name":"Conservatoire \u00e0 Rayonnement Intercommunal","article_publisher":"https:\/\/www.facebook.com\/CRIjeanferrat","article_modified_time":"2023-03-21T10:11:40+00:00","twitter_card":"summary_large_image","twitter_misc":{"Dur\u00e9e de lecture estim\u00e9e":"1 minute"},"schema":{"@context":"https:\/\/schema.org","@graph":[{"@type":"WebPage","@id":"https:\/\/www.porteoceane-dulimousin.fr\/cri\/parcours-pedagogiques\/les-parcours-libres\/","url":"https:\/\/www.porteoceane-dulimousin.fr\/cri\/parcours-pedagogiques\/les-parcours-libres\/","name":"Les parcours libres - Conservatoire \u00e0 Rayonnement Intercommunal","isPartOf":{"@id":"https:\/\/www.porteoceane-dulimousin.fr\/cri\/#website"},"datePublished":"2021-06-10T14:28:21+00:00","dateModified":"2023-03-21T10:11:40+00:00","breadcrumb":{"@id":"https:\/\/www.porteoceane-dulimousin.fr\/cri\/parcours-pedagogiques\/les-parcours-libres\/#breadcrumb"},"inLanguage":"fr-FR","potentialAction":[{"@type":"ReadAction","target":["https:\/\/www.porteoceane-dulimousin.fr\/cri\/parcours-pedagogiques\/les-parcours-libres\/"]}]},{"@type":"BreadcrumbList","@id":"https:\/\/www.porteoceane-dulimousin.fr\/cri\/parcours-pedagogiques\/les-parcours-libres\/#breadcrumb","itemListElement":[{"@type":"ListItem","position":1,"name":"Accueil","item":"https:\/\/www.porteoceane-dulimousin.fr\/cri\/"},{"@type":"ListItem","position":2,"name":"Les parcours p\u00e9dagogiques","item":"https:\/\/www.porteoceane-dulimousin.fr\/cri\/parcours-pedagogiques\/"},{"@type":"ListItem","position":3,"name":"Les parcours libres"}]},{"@type":"WebSite","@id":"https:\/\/www.porteoceane-dulimousin.fr\/cri\/#website","url":"https:\/\/www.porteoceane-dulimousin.fr\/cri\/","name":"Conservatoire \u00e0 Rayonnement Intercommunal","description":"","publisher":{"@id":"https:\/\/www.porteoceane-dulimousin.fr\/cri\/#organization"},"potentialAction":[{"@type":"SearchAction","target":{"@type":"EntryPoint","urlTemplate":"https:\/\/www.porteoceane-dulimousin.fr\/cri\/?s={search_term_string}"},"query-input":{"@type":"PropertyValueSpecification","valueRequired":true,"valueName":"search_term_string"}}],"inLanguage":"fr-FR"},{"@type":"Organization","@id":"https:\/\/www.porteoceane-dulimousin.fr\/cri\/#organization","name":"Conservatoire \u00e0 Rayonnement Intercommunal Jean Ferrat","url":"https:\/\/www.porteoceane-dulimousin.fr\/cri\/","logo":{"@type":"ImageObject","inLanguage":"fr-FR","@id":"https:\/\/www.porteoceane-dulimousin.fr\/cri\/#\/schema\/logo\/image\/","url":"https:\/\/www.porteoceane-dulimousin.fr\/cri\/wp-content\/uploads\/2022\/11\/cropped-Logo-CRI-big-51.png","contentUrl":"https:\/\/www.porteoceane-dulimousin.fr\/cri\/wp-content\/uploads\/2022\/11\/cropped-Logo-CRI-big-51.png","width":1984,"height":748,"caption":"Conservatoire \u00e0 Rayonnement Intercommunal Jean Ferrat"},"image":{"@id":"https:\/\/www.porteoceane-dulimousin.fr\/cri\/#\/schema\/logo\/image\/"},"sameAs":["https:\/\/www.facebook.com\/CRIjeanferrat"]}]}},"_links":{"self":[{"href":"https:\/\/www.porteoceane-dulimousin.fr\/cri\/wp-json\/wp\/v2\/pages\/92","targetHints":{"allow":["GET"]}}],"collection":[{"href":"https:\/\/www.porteoceane-dulimousin.fr\/cri\/wp-json\/wp\/v2\/pages"}],"about":[{"href":"https:\/\/www.porteoceane-dulimousin.fr\/cri\/wp-json\/wp\/v2\/types\/page"}],"author":[{"embeddable":true,"href":"https:\/\/www.porteoceane-dulimousin.fr\/cri\/wp-json\/wp\/v2\/users\/1"}],"replies":[{"embeddable":true,"href":"https:\/\/www.porteoceane-dulimousin.fr\/cri\/wp-json\/wp\/v2\/comments?post=92"}],"version-history":[{"count":5,"href":"https:\/\/www.porteoceane-dulimousin.fr\/cri\/wp-json\/wp\/v2\/pages\/92\/revisions"}],"predecessor-version":[{"id":489,"href":"https:\/\/www.porteoceane-dulimousin.fr\/cri\/wp-json\/wp\/v2\/pages\/92\/revisions\/489"}],"up":[{"embeddable":true,"href":"https:\/\/www.porteoceane-dulimousin.fr\/cri\/wp-json\/wp\/v2\/pages\/501"}],"wp:attachment":[{"href":"https:\/\/www.porteoceane-dulimousin.fr\/cri\/wp-json\/wp\/v2\/media?parent=92"}],"curies":[{"name":"wp","href":"https:\/\/api.w.org\/{rel}","templated":true}]}}