{"id":65,"date":"2021-06-10T16:24:09","date_gmt":"2021-06-10T14:24:09","guid":{"rendered":"https:\/\/www.porteoceane-dulimousin.fr\/cri\/?page_id=65"},"modified":"2025-02-13T12:35:33","modified_gmt":"2025-02-13T11:35:33","slug":"cest-quoi-un-cri","status":"publish","type":"page","link":"https:\/\/www.porteoceane-dulimousin.fr\/cri\/cest-quoi-un-cri\/","title":{"rendered":"Le CRI ?"},"content":{"rendered":"\t\t<div data-elementor-type=\"wp-page\" data-elementor-id=\"65\" class=\"elementor elementor-65\">\n\t\t\t\t\t\t<section class=\"elementor-section elementor-top-section elementor-element elementor-element-d333709 elementor-section-boxed elementor-section-height-default elementor-section-height-default\" data-id=\"d333709\" data-element_type=\"section\" data-e-type=\"section\">\n\t\t\t\t\t\t<div class=\"elementor-container elementor-column-gap-default\">\n\t\t\t\t\t<div class=\"elementor-column elementor-col-33 elementor-top-column elementor-element elementor-element-d9dbf7b\" data-id=\"d9dbf7b\" data-element_type=\"column\" data-e-type=\"column\">\n\t\t\t<div class=\"elementor-widget-wrap elementor-element-populated\">\n\t\t\t\t\t\t<div class=\"elementor-element elementor-element-c9dcdb4 elementor-widget elementor-widget-image\" data-id=\"c9dcdb4\" data-element_type=\"widget\" data-e-type=\"widget\" data-widget_type=\"image.default\">\n\t\t\t\t<div class=\"elementor-widget-container\">\n\t\t\t\t\t\t\t\t\t\t\t\t\t\t\t<img fetchpriority=\"high\" decoding=\"async\" width=\"1024\" height=\"683\" src=\"https:\/\/www.porteoceane-dulimousin.fr\/cri\/wp-content\/uploads\/2023\/03\/DSC_6828.jpg\" class=\"attachment-large size-large wp-image-532\" alt=\"\" srcset=\"https:\/\/www.porteoceane-dulimousin.fr\/cri\/wp-content\/uploads\/2023\/03\/DSC_6828.jpg 1024w, https:\/\/www.porteoceane-dulimousin.fr\/cri\/wp-content\/uploads\/2023\/03\/DSC_6828-300x200.jpg 300w, https:\/\/www.porteoceane-dulimousin.fr\/cri\/wp-content\/uploads\/2023\/03\/DSC_6828-768x512.jpg 768w, https:\/\/www.porteoceane-dulimousin.fr\/cri\/wp-content\/uploads\/2023\/03\/DSC_6828-320x213.jpg 320w, https:\/\/www.porteoceane-dulimousin.fr\/cri\/wp-content\/uploads\/2023\/03\/DSC_6828-480x320.jpg 480w, https:\/\/www.porteoceane-dulimousin.fr\/cri\/wp-content\/uploads\/2023\/03\/DSC_6828-800x534.jpg 800w\" sizes=\"(max-width: 1024px) 100vw, 1024px\" \/>\t\t\t\t\t\t\t\t\t\t\t\t\t\t\t<\/div>\n\t\t\t\t<\/div>\n\t\t\t\t\t<\/div>\n\t\t<\/div>\n\t\t\t\t<div class=\"elementor-column elementor-col-66 elementor-top-column elementor-element elementor-element-6a48efe\" data-id=\"6a48efe\" data-element_type=\"column\" data-e-type=\"column\">\n\t\t\t<div class=\"elementor-widget-wrap elementor-element-populated\">\n\t\t\t\t\t\t<div class=\"elementor-element elementor-element-437c8d9 elementor-widget elementor-widget-text-editor\" data-id=\"437c8d9\" data-element_type=\"widget\" data-e-type=\"widget\" data-widget_type=\"text-editor.default\">\n\t\t\t\t<div class=\"elementor-widget-container\">\n\t\t\t\t\t\t\t\t\t<p>Le Conservatoire \u00e0 Rayonnement Intercommunal (CRI) de la Porte Oc\u00e9ane du Limousin (POL) est un \u00e9tablissement public municipal d\u2019enseignement artistique, agr\u00e9\u00e9 par le Minist\u00e8re de la Culture.<\/p><p>S\u2019appuyant sur une p\u00e9dagogie ouverte, innovante mais structur\u00e9e, le CRI a les missions suivantes\u00a0:<\/p><ul><li>Promouvoir l\u2019\u00e9ducation artistique et culturelle des enfants de l\u2019ensemble du territoire, gr\u00e2ce aux interventions en milieu scolaire en partenariat avec l\u2019Education Nationale, \u00e0 des p\u00e9dagogies alternatives et des actions ponctuelles de m\u00e9diation.<\/li><\/ul><ul><li>Accueillir des \u00e9l\u00e8ves de tous \u00e2ges depuis l\u2019\u00e9veil musical jusqu\u2019au 3<sup>\u00e8me<\/sup>\u00a0cycle, en prenant en compte leur motivation et leur projet personnel, avec l\u2019ambition de former des musiciens autonomes s\u2019\u00e9panouissant dans leur pratique en amateur\u00a0; pr\u00e9parer, le cas \u00e9ch\u00e9ant, l\u2019orientation vers un parcours pr\u00e9professionnel dans les \u00e9tablissements d\u00e9di\u00e9s partenaires (CRD, CRR).<\/li><\/ul><ul><li>Rayonner sur le territoire, par la promotion des activit\u00e9s et la programmation d\u2019auditions, de concerts, de spectacles, en collaboration avec les acteurs locaux de la vie culturelle.<\/li><\/ul><ul><li>Concourir au d\u00e9veloppement des pratiques collectives en amateur.<\/li><\/ul>\t\t\t\t\t\t\t\t<\/div>\n\t\t\t\t<\/div>\n\t\t\t\t\t<\/div>\n\t\t<\/div>\n\t\t\t\t\t<\/div>\n\t\t<\/section>\n\t\t\t\t<\/div>\n\t\t","protected":false},"excerpt":{"rendered":"<p>Le Conservatoire \u00e0 Rayonnement Intercommunal (CRI) de la Porte Oc\u00e9ane du Limousin (POL) est un \u00e9tablissement public municipal d\u2019enseignement artistique, agr\u00e9\u00e9 par le Minist\u00e8re de la Culture. S\u2019appuyant sur une [&hellip;]<\/p>\n","protected":false},"author":1,"featured_media":0,"parent":0,"menu_order":0,"comment_status":"closed","ping_status":"closed","template":"","meta":{"ocean_post_layout":"full-width","ocean_both_sidebars_style":"","ocean_both_sidebars_content_width":0,"ocean_both_sidebars_sidebars_width":0,"ocean_sidebar":"0","ocean_second_sidebar":"0","ocean_disable_margins":"enable","ocean_add_body_class":"","ocean_shortcode_before_top_bar":"","ocean_shortcode_after_top_bar":"","ocean_shortcode_before_header":"","ocean_shortcode_after_header":"","ocean_has_shortcode":"","ocean_shortcode_after_title":"","ocean_shortcode_before_footer_widgets":"","ocean_shortcode_after_footer_widgets":"","ocean_shortcode_before_footer_bottom":"","ocean_shortcode_after_footer_bottom":"","ocean_display_top_bar":"default","ocean_display_header":"default","ocean_header_style":"","ocean_center_header_left_menu":"0","ocean_custom_header_template":"0","ocean_custom_logo":0,"ocean_custom_retina_logo":0,"ocean_custom_logo_max_width":0,"ocean_custom_logo_tablet_max_width":0,"ocean_custom_logo_mobile_max_width":0,"ocean_custom_logo_max_height":0,"ocean_custom_logo_tablet_max_height":0,"ocean_custom_logo_mobile_max_height":0,"ocean_header_custom_menu":"0","ocean_menu_typo_font_family":"0","ocean_menu_typo_font_subset":"","ocean_menu_typo_font_size":0,"ocean_menu_typo_font_size_tablet":0,"ocean_menu_typo_font_size_mobile":0,"ocean_menu_typo_font_size_unit":"px","ocean_menu_typo_font_weight":"","ocean_menu_typo_font_weight_tablet":"","ocean_menu_typo_font_weight_mobile":"","ocean_menu_typo_transform":"","ocean_menu_typo_transform_tablet":"","ocean_menu_typo_transform_mobile":"","ocean_menu_typo_line_height":0,"ocean_menu_typo_line_height_tablet":0,"ocean_menu_typo_line_height_mobile":0,"ocean_menu_typo_line_height_unit":"","ocean_menu_typo_spacing":0,"ocean_menu_typo_spacing_tablet":0,"ocean_menu_typo_spacing_mobile":0,"ocean_menu_typo_spacing_unit":"","ocean_menu_link_color":"","ocean_menu_link_color_hover":"","ocean_menu_link_color_active":"","ocean_menu_link_background":"","ocean_menu_link_hover_background":"","ocean_menu_link_active_background":"","ocean_menu_social_links_bg":"","ocean_menu_social_hover_links_bg":"","ocean_menu_social_links_color":"","ocean_menu_social_hover_links_color":"","ocean_disable_title":"default","ocean_disable_heading":"default","ocean_post_title":"","ocean_post_subheading":"","ocean_post_title_style":"","ocean_post_title_background_color":"","ocean_post_title_background":0,"ocean_post_title_bg_image_position":"","ocean_post_title_bg_image_attachment":"","ocean_post_title_bg_image_repeat":"","ocean_post_title_bg_image_size":"","ocean_post_title_height":0,"ocean_post_title_bg_overlay":0.5,"ocean_post_title_bg_overlay_color":"","ocean_disable_breadcrumbs":"default","ocean_breadcrumbs_color":"","ocean_breadcrumbs_separator_color":"","ocean_breadcrumbs_links_color":"","ocean_breadcrumbs_links_hover_color":"","ocean_display_footer_widgets":"default","ocean_display_footer_bottom":"default","ocean_custom_footer_template":"0","footnotes":""},"class_list":["post-65","page","type-page","status-publish","hentry","entry"],"yoast_head":"<!-- This site is optimized with the Yoast SEO plugin v27.5 - https:\/\/yoast.com\/product\/yoast-seo-wordpress\/ -->\n<title>Le CRI ? - Conservatoire \u00e0 Rayonnement Intercommunal<\/title>\n<meta name=\"robots\" content=\"index, follow, max-snippet:-1, max-image-preview:large, max-video-preview:-1\" \/>\n<link rel=\"canonical\" href=\"https:\/\/www.porteoceane-dulimousin.fr\/cri\/cest-quoi-un-cri\/\" \/>\n<meta property=\"og:locale\" content=\"fr_FR\" \/>\n<meta property=\"og:type\" content=\"article\" \/>\n<meta property=\"og:title\" content=\"Le CRI ? - Conservatoire \u00e0 Rayonnement Intercommunal\" \/>\n<meta property=\"og:description\" content=\"Le Conservatoire \u00e0 Rayonnement Intercommunal (CRI) de la Porte Oc\u00e9ane du Limousin (POL) est un \u00e9tablissement public municipal d\u2019enseignement artistique, agr\u00e9\u00e9 par le Minist\u00e8re de la Culture. S\u2019appuyant sur une [&hellip;]\" \/>\n<meta property=\"og:url\" content=\"https:\/\/www.porteoceane-dulimousin.fr\/cri\/cest-quoi-un-cri\/\" \/>\n<meta property=\"og:site_name\" content=\"Conservatoire \u00e0 Rayonnement Intercommunal\" \/>\n<meta property=\"article:publisher\" content=\"https:\/\/www.facebook.com\/CRIjeanferrat\" \/>\n<meta property=\"article:modified_time\" content=\"2025-02-13T11:35:33+00:00\" \/>\n<meta property=\"og:image\" content=\"https:\/\/www.porteoceane-dulimousin.fr\/cri\/wp-content\/uploads\/2023\/03\/DSC_6828.jpg\" \/>\n\t<meta property=\"og:image:width\" content=\"1024\" \/>\n\t<meta property=\"og:image:height\" content=\"683\" \/>\n\t<meta property=\"og:image:type\" content=\"image\/jpeg\" \/>\n<meta name=\"twitter:card\" content=\"summary_large_image\" \/>\n<meta name=\"twitter:label1\" content=\"Dur\u00e9e de lecture estim\u00e9e\" \/>\n\t<meta name=\"twitter:data1\" content=\"2 minutes\" \/>\n<script type=\"application\/ld+json\" class=\"yoast-schema-graph\">{\"@context\":\"https:\\\/\\\/schema.org\",\"@graph\":[{\"@type\":\"WebPage\",\"@id\":\"https:\\\/\\\/www.porteoceane-dulimousin.fr\\\/cri\\\/cest-quoi-un-cri\\\/\",\"url\":\"https:\\\/\\\/www.porteoceane-dulimousin.fr\\\/cri\\\/cest-quoi-un-cri\\\/\",\"name\":\"Le CRI ? - Conservatoire \u00e0 Rayonnement Intercommunal\",\"isPartOf\":{\"@id\":\"https:\\\/\\\/www.porteoceane-dulimousin.fr\\\/cri\\\/#website\"},\"primaryImageOfPage\":{\"@id\":\"https:\\\/\\\/www.porteoceane-dulimousin.fr\\\/cri\\\/cest-quoi-un-cri\\\/#primaryimage\"},\"image\":{\"@id\":\"https:\\\/\\\/www.porteoceane-dulimousin.fr\\\/cri\\\/cest-quoi-un-cri\\\/#primaryimage\"},\"thumbnailUrl\":\"https:\\\/\\\/www.porteoceane-dulimousin.fr\\\/cri\\\/wp-content\\\/uploads\\\/2023\\\/03\\\/DSC_6828.jpg\",\"datePublished\":\"2021-06-10T14:24:09+00:00\",\"dateModified\":\"2025-02-13T11:35:33+00:00\",\"breadcrumb\":{\"@id\":\"https:\\\/\\\/www.porteoceane-dulimousin.fr\\\/cri\\\/cest-quoi-un-cri\\\/#breadcrumb\"},\"inLanguage\":\"fr-FR\",\"potentialAction\":[{\"@type\":\"ReadAction\",\"target\":[\"https:\\\/\\\/www.porteoceane-dulimousin.fr\\\/cri\\\/cest-quoi-un-cri\\\/\"]}]},{\"@type\":\"ImageObject\",\"inLanguage\":\"fr-FR\",\"@id\":\"https:\\\/\\\/www.porteoceane-dulimousin.fr\\\/cri\\\/cest-quoi-un-cri\\\/#primaryimage\",\"url\":\"https:\\\/\\\/www.porteoceane-dulimousin.fr\\\/cri\\\/wp-content\\\/uploads\\\/2023\\\/03\\\/DSC_6828.jpg\",\"contentUrl\":\"https:\\\/\\\/www.porteoceane-dulimousin.fr\\\/cri\\\/wp-content\\\/uploads\\\/2023\\\/03\\\/DSC_6828.jpg\",\"width\":1024,\"height\":683},{\"@type\":\"BreadcrumbList\",\"@id\":\"https:\\\/\\\/www.porteoceane-dulimousin.fr\\\/cri\\\/cest-quoi-un-cri\\\/#breadcrumb\",\"itemListElement\":[{\"@type\":\"ListItem\",\"position\":1,\"name\":\"Accueil\",\"item\":\"https:\\\/\\\/www.porteoceane-dulimousin.fr\\\/cri\\\/\"},{\"@type\":\"ListItem\",\"position\":2,\"name\":\"Le CRI ?\"}]},{\"@type\":\"WebSite\",\"@id\":\"https:\\\/\\\/www.porteoceane-dulimousin.fr\\\/cri\\\/#website\",\"url\":\"https:\\\/\\\/www.porteoceane-dulimousin.fr\\\/cri\\\/\",\"name\":\"Conservatoire \u00e0 Rayonnement Intercommunal\",\"description\":\"\",\"publisher\":{\"@id\":\"https:\\\/\\\/www.porteoceane-dulimousin.fr\\\/cri\\\/#organization\"},\"potentialAction\":[{\"@type\":\"SearchAction\",\"target\":{\"@type\":\"EntryPoint\",\"urlTemplate\":\"https:\\\/\\\/www.porteoceane-dulimousin.fr\\\/cri\\\/?s={search_term_string}\"},\"query-input\":{\"@type\":\"PropertyValueSpecification\",\"valueRequired\":true,\"valueName\":\"search_term_string\"}}],\"inLanguage\":\"fr-FR\"},{\"@type\":\"Organization\",\"@id\":\"https:\\\/\\\/www.porteoceane-dulimousin.fr\\\/cri\\\/#organization\",\"name\":\"Conservatoire \u00e0 Rayonnement Intercommunal Jean Ferrat\",\"url\":\"https:\\\/\\\/www.porteoceane-dulimousin.fr\\\/cri\\\/\",\"logo\":{\"@type\":\"ImageObject\",\"inLanguage\":\"fr-FR\",\"@id\":\"https:\\\/\\\/www.porteoceane-dulimousin.fr\\\/cri\\\/#\\\/schema\\\/logo\\\/image\\\/\",\"url\":\"https:\\\/\\\/www.porteoceane-dulimousin.fr\\\/cri\\\/wp-content\\\/uploads\\\/2022\\\/11\\\/cropped-Logo-CRI-big-51.png\",\"contentUrl\":\"https:\\\/\\\/www.porteoceane-dulimousin.fr\\\/cri\\\/wp-content\\\/uploads\\\/2022\\\/11\\\/cropped-Logo-CRI-big-51.png\",\"width\":1984,\"height\":748,\"caption\":\"Conservatoire \u00e0 Rayonnement Intercommunal Jean Ferrat\"},\"image\":{\"@id\":\"https:\\\/\\\/www.porteoceane-dulimousin.fr\\\/cri\\\/#\\\/schema\\\/logo\\\/image\\\/\"},\"sameAs\":[\"https:\\\/\\\/www.facebook.com\\\/CRIjeanferrat\"]}]}<\/script>\n<!-- \/ Yoast SEO plugin. -->","yoast_head_json":{"title":"Le CRI ? - Conservatoire \u00e0 Rayonnement Intercommunal","robots":{"index":"index","follow":"follow","max-snippet":"max-snippet:-1","max-image-preview":"max-image-preview:large","max-video-preview":"max-video-preview:-1"},"canonical":"https:\/\/www.porteoceane-dulimousin.fr\/cri\/cest-quoi-un-cri\/","og_locale":"fr_FR","og_type":"article","og_title":"Le CRI ? - Conservatoire \u00e0 Rayonnement Intercommunal","og_description":"Le Conservatoire \u00e0 Rayonnement Intercommunal (CRI) de la Porte Oc\u00e9ane du Limousin (POL) est un \u00e9tablissement public municipal d\u2019enseignement artistique, agr\u00e9\u00e9 par le Minist\u00e8re de la Culture. S\u2019appuyant sur une [&hellip;]","og_url":"https:\/\/www.porteoceane-dulimousin.fr\/cri\/cest-quoi-un-cri\/","og_site_name":"Conservatoire \u00e0 Rayonnement Intercommunal","article_publisher":"https:\/\/www.facebook.com\/CRIjeanferrat","article_modified_time":"2025-02-13T11:35:33+00:00","og_image":[{"width":1024,"height":683,"url":"https:\/\/www.porteoceane-dulimousin.fr\/cri\/wp-content\/uploads\/2023\/03\/DSC_6828.jpg","type":"image\/jpeg"}],"twitter_card":"summary_large_image","twitter_misc":{"Dur\u00e9e de lecture estim\u00e9e":"2 minutes"},"schema":{"@context":"https:\/\/schema.org","@graph":[{"@type":"WebPage","@id":"https:\/\/www.porteoceane-dulimousin.fr\/cri\/cest-quoi-un-cri\/","url":"https:\/\/www.porteoceane-dulimousin.fr\/cri\/cest-quoi-un-cri\/","name":"Le CRI ? - Conservatoire \u00e0 Rayonnement Intercommunal","isPartOf":{"@id":"https:\/\/www.porteoceane-dulimousin.fr\/cri\/#website"},"primaryImageOfPage":{"@id":"https:\/\/www.porteoceane-dulimousin.fr\/cri\/cest-quoi-un-cri\/#primaryimage"},"image":{"@id":"https:\/\/www.porteoceane-dulimousin.fr\/cri\/cest-quoi-un-cri\/#primaryimage"},"thumbnailUrl":"https:\/\/www.porteoceane-dulimousin.fr\/cri\/wp-content\/uploads\/2023\/03\/DSC_6828.jpg","datePublished":"2021-06-10T14:24:09+00:00","dateModified":"2025-02-13T11:35:33+00:00","breadcrumb":{"@id":"https:\/\/www.porteoceane-dulimousin.fr\/cri\/cest-quoi-un-cri\/#breadcrumb"},"inLanguage":"fr-FR","potentialAction":[{"@type":"ReadAction","target":["https:\/\/www.porteoceane-dulimousin.fr\/cri\/cest-quoi-un-cri\/"]}]},{"@type":"ImageObject","inLanguage":"fr-FR","@id":"https:\/\/www.porteoceane-dulimousin.fr\/cri\/cest-quoi-un-cri\/#primaryimage","url":"https:\/\/www.porteoceane-dulimousin.fr\/cri\/wp-content\/uploads\/2023\/03\/DSC_6828.jpg","contentUrl":"https:\/\/www.porteoceane-dulimousin.fr\/cri\/wp-content\/uploads\/2023\/03\/DSC_6828.jpg","width":1024,"height":683},{"@type":"BreadcrumbList","@id":"https:\/\/www.porteoceane-dulimousin.fr\/cri\/cest-quoi-un-cri\/#breadcrumb","itemListElement":[{"@type":"ListItem","position":1,"name":"Accueil","item":"https:\/\/www.porteoceane-dulimousin.fr\/cri\/"},{"@type":"ListItem","position":2,"name":"Le CRI ?"}]},{"@type":"WebSite","@id":"https:\/\/www.porteoceane-dulimousin.fr\/cri\/#website","url":"https:\/\/www.porteoceane-dulimousin.fr\/cri\/","name":"Conservatoire \u00e0 Rayonnement Intercommunal","description":"","publisher":{"@id":"https:\/\/www.porteoceane-dulimousin.fr\/cri\/#organization"},"potentialAction":[{"@type":"SearchAction","target":{"@type":"EntryPoint","urlTemplate":"https:\/\/www.porteoceane-dulimousin.fr\/cri\/?s={search_term_string}"},"query-input":{"@type":"PropertyValueSpecification","valueRequired":true,"valueName":"search_term_string"}}],"inLanguage":"fr-FR"},{"@type":"Organization","@id":"https:\/\/www.porteoceane-dulimousin.fr\/cri\/#organization","name":"Conservatoire \u00e0 Rayonnement Intercommunal Jean Ferrat","url":"https:\/\/www.porteoceane-dulimousin.fr\/cri\/","logo":{"@type":"ImageObject","inLanguage":"fr-FR","@id":"https:\/\/www.porteoceane-dulimousin.fr\/cri\/#\/schema\/logo\/image\/","url":"https:\/\/www.porteoceane-dulimousin.fr\/cri\/wp-content\/uploads\/2022\/11\/cropped-Logo-CRI-big-51.png","contentUrl":"https:\/\/www.porteoceane-dulimousin.fr\/cri\/wp-content\/uploads\/2022\/11\/cropped-Logo-CRI-big-51.png","width":1984,"height":748,"caption":"Conservatoire \u00e0 Rayonnement Intercommunal Jean Ferrat"},"image":{"@id":"https:\/\/www.porteoceane-dulimousin.fr\/cri\/#\/schema\/logo\/image\/"},"sameAs":["https:\/\/www.facebook.com\/CRIjeanferrat"]}]}},"_links":{"self":[{"href":"https:\/\/www.porteoceane-dulimousin.fr\/cri\/wp-json\/wp\/v2\/pages\/65","targetHints":{"allow":["GET"]}}],"collection":[{"href":"https:\/\/www.porteoceane-dulimousin.fr\/cri\/wp-json\/wp\/v2\/pages"}],"about":[{"href":"https:\/\/www.porteoceane-dulimousin.fr\/cri\/wp-json\/wp\/v2\/types\/page"}],"author":[{"embeddable":true,"href":"https:\/\/www.porteoceane-dulimousin.fr\/cri\/wp-json\/wp\/v2\/users\/1"}],"replies":[{"embeddable":true,"href":"https:\/\/www.porteoceane-dulimousin.fr\/cri\/wp-json\/wp\/v2\/comments?post=65"}],"version-history":[{"count":12,"href":"https:\/\/www.porteoceane-dulimousin.fr\/cri\/wp-json\/wp\/v2\/pages\/65\/revisions"}],"predecessor-version":[{"id":1087,"href":"https:\/\/www.porteoceane-dulimousin.fr\/cri\/wp-json\/wp\/v2\/pages\/65\/revisions\/1087"}],"wp:attachment":[{"href":"https:\/\/www.porteoceane-dulimousin.fr\/cri\/wp-json\/wp\/v2\/media?parent=65"}],"curies":[{"name":"wp","href":"https:\/\/api.w.org\/{rel}","templated":true}]}}